{"id":26247,"date":"2022-03-16T15:14:15","date_gmt":"2022-03-16T15:14:15","guid":{"rendered":"https:\/\/www.visualarq.com\/project\/centro-cultural-y-laboratorio-de-estudios-sostenibles\/"},"modified":"2022-03-16T15:14:15","modified_gmt":"2022-03-16T15:14:15","slug":"centro-cultural-y-laboratorio-de-estudios-sostenibles","status":"publish","type":"project","link":"https:\/\/www.visualarq.com\/es\/project\/centro-cultural-y-laboratorio-de-estudios-sostenibles\/","title":{"rendered":"Centro cultural y laboratorio de estudios sostenibles"},"content":{"rendered":"<p>Este proyecto, desarrollado por la estudiante Gabriela Pinho Mallmann, ha sido premiado con el 3er lugar en el Concurso de dise\u00f1o BIM de VisualARQ para estudiantes 2022.<\/p>\n\n<h3 class = \"my-3\">Descripci\u00f3n del proyecto:<\/h3>\n\n<p><em>El proyecto fue desarrollado durante las asignaturas Proyecto VII de la diplomatura de Arquitectura y Urbanismo. El proyecto desarrollado se encuentraen el centro urbano de Florian\u00f3polis &#8211; Santa Catarina, en una regi\u00f3n con edificios residenciales y comerciales como bares, restaurantes, supermercados y escuelas. El objetivo era crear un edificio de uso colectivo e institucional orientado a estudios sostenibles. La idea para el dise\u00f1o del edificio era crear un proyecto con una trayectoria continua, como en una estructura helicoidal. Para el primer piso, la idea era crear una plaza cubierta conectada a las calles y que ofreciera servicios atractivos para la comunidad, como un auditorio para conciertos y obras teatrales art\u00edsticas, una cafeter\u00eda y tambi\u00e9n una librer\u00eda. Saliendo de la plaza cubierta, se pod\u00eda acceder al segundo piso a trav\u00e9s de una rampa externa o mediante ascensores. En el segundo piso hay una sala de estar y un espacio de exhibici\u00f3n de arte (museo\/galer\u00eda) con acceso a una terraza y una rampa que completa la idea de continuidad del edificio y lleva al usuario a una plaza abierta. La fachada del \u00e1rea de exhibici\u00f3n est\u00e1 rodeada por un sistema de persianas de madera para el control solar. En el tercer y cuarto piso se encuentran las salas y los laboratorios para trabajar en los estudios sostenibles.<\/em><\/p>\n\n<h3 class = \"my-3\">\u00bfC\u00f3mo ha contribuido VisualARQ al proyecto de desarrollo?<\/h3>\n\n<p><em>VisualARQ contribuy\u00f3 a la desarrollo del proyecto desde el inicio. Cuando eleg\u00ed crear un edificio donde los usuarios pudieran caminar por todos los pisos, Grasshopper fue fundamental para generar la forma principal del proyecto. La parametrizaci\u00f3n de los puntos para generar la forma, me permiti\u00f3 evaluar las alturas y dimensiones de cada piso desde el proyecto inicial, considerando tambi\u00e9n la forma del terreno y su implantaci\u00f3n en una zona urbana densa. Mediante Grasshopper tambi\u00e9n fue posible generar un sistema de persianas de madera para una de las fachadas, en este caso se logr\u00f3 encontrar la forma ideal de cada una de las barras de madera para obtener la mejor forma para el control solar en la posici\u00f3n del edificio.<\/p>\n<p>Adem\u00e1s, la herramienta fue fundamental para explorar las ideas de dise\u00f1o, permiti\u00e9ndome ejecutar con precisi\u00f3n las diferentes pendientes de las cubiertas del edificio. La documentaci\u00f3n din\u00e1mica de VisualARQ tambi\u00e9n fue un punto importante, ya que permiti\u00f3 generear dibujos t\u00e9cnicos de forma r\u00e1pida y precisa, realizar ajustes durante todo el proceso y sincronizarlos r\u00e1pidamente.<\/em><\/p>\n\n<p>\n<ul>\n<li><strong>Autora<\/strong>: Gabriela Pinho Mallmann, estudiante de Arquitectura y Urbanismo responsable del dise\u00f1o y desarrollo del proyecto. (<a href=\"https:\/\/www.instagram.com\/gabriela__mallmann\/?hl=pt-br \">Instagram<\/a>, (<a href=\"mailto:gabrielapinhomallmann@gmail.com\">contacto<\/a>))<\/li>\n\n<li><strong>Colaboradores<\/strong>: Pedro Oscar Pizzetti  Mariano (arquitectos: <a href=\"https:\/\/studiosetarchi.com.br\/ \">Studioset<\/a>) y J\u00f3se Ripper K\u00f3s (profesor en el Departamento de Arquitectura y Urbanismo de la Universidad Federal de Santa Catarina y coordinador del Laboratorio de Ecolog\u00eda Urbana (<a href=\"https:\/\/leur.ufsc.br\">https:\/\/leur.ufsc.br<\/a>))<\/li>\n<\/ul>\n<\/p>\n\n\n\n<div class='mosaic-gallery'>  <a href='https:\/\/live.staticflickr.com\/65535\/51942297020_36529dd93e_b.jpg'>    <img src='https:\/\/live.staticflickr.com\/65535\/51942297020_36529dd93e.jpg' \/>  <\/a>  <a href='https:\/\/live.staticflickr.com\/65535\/51940692157_0547292ea2_b.jpg'>    <img src='https:\/\/live.staticflickr.com\/65535\/51940692157_0547292ea2.jpg' \/>  <\/a>  <a href='https:\/\/live.staticflickr.com\/65535\/51940692297_0f84a71ac5_b.jpg'>    <img src='https:\/\/live.staticflickr.com\/65535\/51940692297_0f84a71ac5.jpg' \/>  <\/a>  <a href='https:\/\/live.staticflickr.com\/65535\/51941766228_9a82d08d33_b.jpg'>    <img src='https:\/\/live.staticflickr.com\/65535\/51941766228_9a82d08d33.jpg' \/>  <\/a>  <a href='https:\/\/live.staticflickr.com\/65535\/51940692342_2d5108776d_b.jpg'>    <img src='https:\/\/live.staticflickr.com\/65535\/51940692342_2d5108776d.jpg' \/>  <\/a>  <a href='https:\/\/live.staticflickr.com\/65535\/51941683026_a8d4120f91_b.jpg'>    <img src='https:\/\/live.staticflickr.com\/65535\/51941683026_a8d4120f91.jpg' \/>  <\/a>  <a href='https:\/\/live.staticflickr.com\/65535\/51942003414_1402e4f690_b.jpg'>    <img src='https:\/\/live.staticflickr.com\/65535\/51942003414_1402e4f690.jpg' \/>  <\/a>  <a href='https:\/\/live.staticflickr.com\/65535\/51941682841_7485b26b4d_b.jpg'>    <img src='https:\/\/live.staticflickr.com\/65535\/51941682841_7485b26b4d.jpg' \/>  <\/a>  <a href='https:\/\/live.staticflickr.com\/65535\/51942003454_e398868331_b.jpg'>    <img src='https:\/\/live.staticflickr.com\/65535\/51942003454_e398868331.jpg' \/>  <\/a>  <a href='https:\/\/live.staticflickr.com\/65535\/51942003464_5eebaf127f_b.jpg'>    <img src='https:\/\/live.staticflickr.com\/65535\/51942003464_5eebaf127f.jpg' \/>  <\/a>  <a href='https:\/\/live.staticflickr.com\/65535\/51942296860_26dd25508c_b.jpg'>    <img src='https:\/\/live.staticflickr.com\/65535\/51942296860_26dd25508c.jpg' \/>  <\/a>  <a href='https:\/\/live.staticflickr.com\/65535\/51940692107_eb666dec56_b.jpg'>    <img src='https:\/\/live.staticflickr.com\/65535\/51940692107_eb666dec56.jpg' \/>  <\/a>  <a href='https:\/\/live.staticflickr.com\/65535\/51942003524_7d22caf62d_b.jpg'>    <img src='https:\/\/live.staticflickr.com\/65535\/51942003524_7d22caf62d.jpg' \/>  <\/a>  <a href='https:\/\/live.staticflickr.com\/65535\/51942296895_30f7726e29_b.jpg'>    <img src='https:\/\/live.staticflickr.com\/65535\/51942296895_30f7726e29.jpg' \/>  <\/a>  <a href='https:\/\/live.staticflickr.com\/65535\/51940692147_558ef519b0_b.jpg'>    <img src='https:\/\/live.staticflickr.com\/65535\/51940692147_558ef519b0.jpg' \/>  <\/a>  <a href='https:\/\/live.staticflickr.com\/65535\/51942296915_a75c53dbbc_b.jpg'>    <img src='https:\/\/live.staticflickr.com\/65535\/51942296915_a75c53dbbc.jpg' \/>  <\/a>  <a href='https:\/\/live.staticflickr.com\/65535\/51941766203_e9aacf02a0_b.jpg'>    <img src='https:\/\/live.staticflickr.com\/65535\/51941766203_e9aacf02a0.jpg' \/>  <\/a>  <a href='https:\/\/live.staticflickr.com\/65535\/51942296975_fec99b5899_b.jpg'>    <img src='https:\/\/live.staticflickr.com\/65535\/51942296975_fec99b5899.jpg' \/>  <\/a>  <a href='https:\/\/live.staticflickr.com\/65535\/51942296990_0701643c29_b.jpg'>    <img src='https:\/\/live.staticflickr.com\/65535\/51942296990_0701643c29.jpg' \/>  <\/a>  <a href='https:\/\/live.staticflickr.com\/65535\/51941683006_4b245e1505_b.jpg'>    <img src='https:\/\/live.staticflickr.com\/65535\/51941683006_4b245e1505.jpg' \/>  <\/a>  <a href='https:\/\/live.staticflickr.com\/65535\/51944114648_98724ace08_b.jpg'>    <img src='https:\/\/live.staticflickr.com\/65535\/51944114648_98724ace08.jpg' \/>  <\/a>  <a href='https:\/\/live.staticflickr.com\/65535\/51944641780_f9de673c11_b.jpg'>    <img src='https:\/\/live.staticflickr.com\/65535\/51944641780_f9de673c11.jpg' \/>  <\/a>  <a href='https:\/\/live.staticflickr.com\/65535\/51945866835_658ea175b6_b.jpg'>    <img src='https:\/\/live.staticflickr.com\/65535\/51945866835_658ea175b6.jpg' \/>  <\/a>  <a href='https:\/\/live.staticflickr.com\/65535\/51945335603_489df8a9d4_b.jpg'>    <img src='https:\/\/live.staticflickr.com\/65535\/51945335603_489df8a9d4.jpg' \/>  <\/a>  <a href='https:\/\/live.staticflickr.com\/65535\/51945866865_5e1d4e21e1_b.jpg'>    <img src='https:\/\/live.staticflickr.com\/65535\/51945866865_5e1d4e21e1.jpg' \/>  <\/a>  <a href='https:\/\/live.staticflickr.com\/65535\/51944277707_cc5160de2a_b.jpg'>    <img src='https:\/\/live.staticflickr.com\/65535\/51944277707_cc5160de2a.jpg' \/>  <\/a>  <a href='https:\/\/live.staticflickr.com\/65535\/51945572729_1cbf4f07d1_b.jpg'>    <img src='https:\/\/live.staticflickr.com\/65535\/51945572729_1cbf4f07d1.jpg' \/>  <\/a>  <a href='https:\/\/live.staticflickr.com\/65535\/51945335653_7dac35c982_b.jpg'>    <img src='https:\/\/live.staticflickr.com\/65535\/51945335653_7dac35c982.jpg' \/>  <\/a>  <a href='https:\/\/live.staticflickr.com\/65535\/51945259216_98bc617170_b.jpg'>    <img src='https:\/\/live.staticflickr.com\/65535\/51945259216_98bc617170.jpg' \/>  <\/a>  <a href='https:\/\/live.staticflickr.com\/65535\/51945335698_5993827e3a_b.jpg'>    <img src='https:\/\/live.staticflickr.com\/65535\/51945335698_5993827e3a.jpg' \/>  <\/a>  <a href='https:\/\/live.staticflickr.com\/65535\/51945866970_71845edce7_b.jpg'>    <img src='https:\/\/live.staticflickr.com\/65535\/51945866970_71845edce7.jpg' \/>  <\/a>  <a href='https:\/\/live.staticflickr.com\/65535\/51945259256_9585227d4d_b.jpg'>    <img src='https:\/\/live.staticflickr.com\/65535\/51945259256_9585227d4d.jpg' \/>  <\/a>  <a href='https:\/\/live.staticflickr.com\/65535\/51944277797_14f0181419_b.jpg'>    <img src='https:\/\/live.staticflickr.com\/65535\/51944277797_14f0181419.jpg' \/>  <\/a><\/div><p><a href='https:\/\/www.flickr.com\/photos\/visualarq\/albums\/72177720297396118\/' target=_blank>Visita la p\u00e1gina del \u00e1lbum de Flickr.<\/a><\/p>","protected":false},"excerpt":{"rendered":"<p>Este proyecto, desarrollado por la estudiante Gabriela Pinho Mallmann, ha sido premiado con el 3er lugar en el Concurso de dise\u00f1o BIM de VisualARQ para estudiantes 2022. Descripci\u00f3n del proyecto: El proyecto fue desarrollado durante las asignaturas Proyecto VII de la diplomatura de Arquitectura y Urbanismo. El proyecto desarrollado se encuentraen el centro urbano de [&hellip;]<\/p>\n","protected":false},"author":6,"featured_media":25912,"comment_status":"closed","ping_status":"closed","template":"","meta":{"_et_pb_use_builder":"","_et_pb_old_content":"","_et_gb_content_width":"","footnotes":""},"project_category":[],"project_tag":[],"class_list":["post-26247","project","type-project","status-publish","has-post-thumbnail","hentry"],"yoast_head":"<!-- This site is optimized with the Yoast SEO plugin v27.5 - https:\/\/yoast.com\/product\/yoast-seo-wordpress\/ -->\n<title>Centro cultural y laboratorio de estudios sostenibles - VisualARQ<\/title>\n<meta name=\"robots\" content=\"index, follow, max-snippet:-1, max-image-preview:large, max-video-preview:-1\" \/>\n<link rel=\"canonical\" href=\"https:\/\/www.visualarq.com\/es\/project\/centro-cultural-y-laboratorio-de-estudios-sostenibles\/\" \/>\n<meta property=\"og:locale\" content=\"es_ES\" \/>\n<meta property=\"og:type\" content=\"article\" \/>\n<meta property=\"og:title\" content=\"Centro cultural y laboratorio de estudios sostenibles - VisualARQ\" \/>\n<meta property=\"og:description\" content=\"Este proyecto, desarrollado por la estudiante Gabriela Pinho Mallmann, ha sido premiado con el 3er lugar en el Concurso de dise\u00f1o BIM de VisualARQ para estudiantes 2022. Descripci\u00f3n del proyecto: El proyecto fue desarrollado durante las asignaturas Proyecto VII de la diplomatura de Arquitectura y Urbanismo. El proyecto desarrollado se encuentraen el centro urbano de [&hellip;]\" \/>\n<meta property=\"og:url\" content=\"https:\/\/www.visualarq.com\/es\/project\/centro-cultural-y-laboratorio-de-estudios-sostenibles\/\" \/>\n<meta property=\"og:site_name\" content=\"VisualARQ\" \/>\n<meta property=\"article:publisher\" content=\"https:\/\/www.facebook.com\/visualarq\" \/>\n<meta name=\"twitter:card\" content=\"summary_large_image\" \/>\n<meta name=\"twitter:site\" content=\"@VisualARQ\" \/>\n<meta name=\"twitter:label1\" content=\"Tiempo de lectura\" \/>\n\t<meta name=\"twitter:data1\" content=\"3 minutos\" \/>\n<script type=\"application\/ld+json\" class=\"yoast-schema-graph\">{\"@context\":\"https:\\\/\\\/schema.org\",\"@graph\":[{\"@type\":\"WebPage\",\"@id\":\"https:\\\/\\\/www.visualarq.com\\\/es\\\/project\\\/centro-cultural-y-laboratorio-de-estudios-sostenibles\\\/\",\"url\":\"https:\\\/\\\/www.visualarq.com\\\/es\\\/project\\\/centro-cultural-y-laboratorio-de-estudios-sostenibles\\\/\",\"name\":\"Centro cultural y laboratorio de estudios sostenibles - VisualARQ\",\"isPartOf\":{\"@id\":\"https:\\\/\\\/www.visualarq.com\\\/es\\\/#website\"},\"primaryImageOfPage\":{\"@id\":\"https:\\\/\\\/www.visualarq.com\\\/es\\\/project\\\/centro-cultural-y-laboratorio-de-estudios-sostenibles\\\/#primaryimage\"},\"image\":{\"@id\":\"https:\\\/\\\/www.visualarq.com\\\/es\\\/project\\\/centro-cultural-y-laboratorio-de-estudios-sostenibles\\\/#primaryimage\"},\"thumbnailUrl\":\"https:\\\/\\\/www.visualarq.com\\\/wp-content\\\/uploads\\\/2022\\\/03\\\/IMAGE_02-Thumbnail.jpg\",\"datePublished\":\"2022-03-16T15:14:15+00:00\",\"breadcrumb\":{\"@id\":\"https:\\\/\\\/www.visualarq.com\\\/es\\\/project\\\/centro-cultural-y-laboratorio-de-estudios-sostenibles\\\/#breadcrumb\"},\"inLanguage\":\"es\",\"potentialAction\":[{\"@type\":\"ReadAction\",\"target\":[\"https:\\\/\\\/www.visualarq.com\\\/es\\\/project\\\/centro-cultural-y-laboratorio-de-estudios-sostenibles\\\/\"]}]},{\"@type\":\"ImageObject\",\"inLanguage\":\"es\",\"@id\":\"https:\\\/\\\/www.visualarq.com\\\/es\\\/project\\\/centro-cultural-y-laboratorio-de-estudios-sostenibles\\\/#primaryimage\",\"url\":\"https:\\\/\\\/www.visualarq.com\\\/wp-content\\\/uploads\\\/2022\\\/03\\\/IMAGE_02-Thumbnail.jpg\",\"contentUrl\":\"https:\\\/\\\/www.visualarq.com\\\/wp-content\\\/uploads\\\/2022\\\/03\\\/IMAGE_02-Thumbnail.jpg\",\"width\":400,\"height\":250,\"caption\":\"Cultural Center by Gabriela Pinho Mallmann, modeled with VisualARQ\"},{\"@type\":\"BreadcrumbList\",\"@id\":\"https:\\\/\\\/www.visualarq.com\\\/es\\\/project\\\/centro-cultural-y-laboratorio-de-estudios-sostenibles\\\/#breadcrumb\",\"itemListElement\":[{\"@type\":\"ListItem\",\"position\":1,\"name\":\"Home\",\"item\":\"https:\\\/\\\/www.visualarq.com\\\/es\\\/home\\\/\"},{\"@type\":\"ListItem\",\"position\":2,\"name\":\"Proyectos\",\"item\":\"https:\\\/\\\/www.visualarq.com\\\/es\\\/project\\\/\"},{\"@type\":\"ListItem\",\"position\":3,\"name\":\"Centro cultural y laboratorio de estudios sostenibles\"}]},{\"@type\":\"WebSite\",\"@id\":\"https:\\\/\\\/www.visualarq.com\\\/es\\\/#website\",\"url\":\"https:\\\/\\\/www.visualarq.com\\\/es\\\/\",\"name\":\"VisualARQ\",\"description\":\"Flexible BIM for Rhino\",\"potentialAction\":[{\"@type\":\"SearchAction\",\"target\":{\"@type\":\"EntryPoint\",\"urlTemplate\":\"https:\\\/\\\/www.visualarq.com\\\/es\\\/?s={search_term_string}\"},\"query-input\":{\"@type\":\"PropertyValueSpecification\",\"valueRequired\":true,\"valueName\":\"search_term_string\"}}],\"inLanguage\":\"es\"}]}<\/script>\n<!-- \/ Yoast SEO plugin. -->","yoast_head_json":{"title":"Centro cultural y laboratorio de estudios sostenibles - VisualARQ","robots":{"index":"index","follow":"follow","max-snippet":"max-snippet:-1","max-image-preview":"max-image-preview:large","max-video-preview":"max-video-preview:-1"},"canonical":"https:\/\/www.visualarq.com\/es\/project\/centro-cultural-y-laboratorio-de-estudios-sostenibles\/","og_locale":"es_ES","og_type":"article","og_title":"Centro cultural y laboratorio de estudios sostenibles - VisualARQ","og_description":"Este proyecto, desarrollado por la estudiante Gabriela Pinho Mallmann, ha sido premiado con el 3er lugar en el Concurso de dise\u00f1o BIM de VisualARQ para estudiantes 2022. Descripci\u00f3n del proyecto: El proyecto fue desarrollado durante las asignaturas Proyecto VII de la diplomatura de Arquitectura y Urbanismo. El proyecto desarrollado se encuentraen el centro urbano de [&hellip;]","og_url":"https:\/\/www.visualarq.com\/es\/project\/centro-cultural-y-laboratorio-de-estudios-sostenibles\/","og_site_name":"VisualARQ","article_publisher":"https:\/\/www.facebook.com\/visualarq","twitter_card":"summary_large_image","twitter_site":"@VisualARQ","twitter_misc":{"Tiempo de lectura":"3 minutos"},"schema":{"@context":"https:\/\/schema.org","@graph":[{"@type":"WebPage","@id":"https:\/\/www.visualarq.com\/es\/project\/centro-cultural-y-laboratorio-de-estudios-sostenibles\/","url":"https:\/\/www.visualarq.com\/es\/project\/centro-cultural-y-laboratorio-de-estudios-sostenibles\/","name":"Centro cultural y laboratorio de estudios sostenibles - VisualARQ","isPartOf":{"@id":"https:\/\/www.visualarq.com\/es\/#website"},"primaryImageOfPage":{"@id":"https:\/\/www.visualarq.com\/es\/project\/centro-cultural-y-laboratorio-de-estudios-sostenibles\/#primaryimage"},"image":{"@id":"https:\/\/www.visualarq.com\/es\/project\/centro-cultural-y-laboratorio-de-estudios-sostenibles\/#primaryimage"},"thumbnailUrl":"https:\/\/www.visualarq.com\/wp-content\/uploads\/2022\/03\/IMAGE_02-Thumbnail.jpg","datePublished":"2022-03-16T15:14:15+00:00","breadcrumb":{"@id":"https:\/\/www.visualarq.com\/es\/project\/centro-cultural-y-laboratorio-de-estudios-sostenibles\/#breadcrumb"},"inLanguage":"es","potentialAction":[{"@type":"ReadAction","target":["https:\/\/www.visualarq.com\/es\/project\/centro-cultural-y-laboratorio-de-estudios-sostenibles\/"]}]},{"@type":"ImageObject","inLanguage":"es","@id":"https:\/\/www.visualarq.com\/es\/project\/centro-cultural-y-laboratorio-de-estudios-sostenibles\/#primaryimage","url":"https:\/\/www.visualarq.com\/wp-content\/uploads\/2022\/03\/IMAGE_02-Thumbnail.jpg","contentUrl":"https:\/\/www.visualarq.com\/wp-content\/uploads\/2022\/03\/IMAGE_02-Thumbnail.jpg","width":400,"height":250,"caption":"Cultural Center by Gabriela Pinho Mallmann, modeled with VisualARQ"},{"@type":"BreadcrumbList","@id":"https:\/\/www.visualarq.com\/es\/project\/centro-cultural-y-laboratorio-de-estudios-sostenibles\/#breadcrumb","itemListElement":[{"@type":"ListItem","position":1,"name":"Home","item":"https:\/\/www.visualarq.com\/es\/home\/"},{"@type":"ListItem","position":2,"name":"Proyectos","item":"https:\/\/www.visualarq.com\/es\/project\/"},{"@type":"ListItem","position":3,"name":"Centro cultural y laboratorio de estudios sostenibles"}]},{"@type":"WebSite","@id":"https:\/\/www.visualarq.com\/es\/#website","url":"https:\/\/www.visualarq.com\/es\/","name":"VisualARQ","description":"Flexible BIM for Rhino","potentialAction":[{"@type":"SearchAction","target":{"@type":"EntryPoint","urlTemplate":"https:\/\/www.visualarq.com\/es\/?s={search_term_string}"},"query-input":{"@type":"PropertyValueSpecification","valueRequired":true,"valueName":"search_term_string"}}],"inLanguage":"es"}]}},"_links":{"self":[{"href":"https:\/\/www.visualarq.com\/es\/wp-json\/wp\/v2\/project\/26247","targetHints":{"allow":["GET"]}}],"collection":[{"href":"https:\/\/www.visualarq.com\/es\/wp-json\/wp\/v2\/project"}],"about":[{"href":"https:\/\/www.visualarq.com\/es\/wp-json\/wp\/v2\/types\/project"}],"author":[{"embeddable":true,"href":"https:\/\/www.visualarq.com\/es\/wp-json\/wp\/v2\/users\/6"}],"replies":[{"embeddable":true,"href":"https:\/\/www.visualarq.com\/es\/wp-json\/wp\/v2\/comments?post=26247"}],"version-history":[{"count":0,"href":"https:\/\/www.visualarq.com\/es\/wp-json\/wp\/v2\/project\/26247\/revisions"}],"wp:featuredmedia":[{"embeddable":true,"href":"https:\/\/www.visualarq.com\/es\/wp-json\/wp\/v2\/media\/25912"}],"wp:attachment":[{"href":"https:\/\/www.visualarq.com\/es\/wp-json\/wp\/v2\/media?parent=26247"}],"wp:term":[{"taxonomy":"project_category","embeddable":true,"href":"https:\/\/www.visualarq.com\/es\/wp-json\/wp\/v2\/project_category?post=26247"},{"taxonomy":"project_tag","embeddable":true,"href":"https:\/\/www.visualarq.com\/es\/wp-json\/wp\/v2\/project_tag?post=26247"}],"curies":[{"name":"wp","href":"https:\/\/api.w.org\/{rel}","templated":true}]}}